{"id":3294,"date":"2023-01-25T00:09:47","date_gmt":"2023-01-25T03:09:47","guid":{"rendered":"https:\/\/www.lugarvazio.com.br\/blog\/?page_id=3294"},"modified":"2023-07-04T14:06:20","modified_gmt":"2023-07-04T17:06:20","slug":"lugar-vazio","status":"publish","type":"page","link":"https:\/\/www.lugarvazio.com.br\/blog\/","title":{"rendered":"LUGAR VAZIO"},"content":{"rendered":"\n<div class=\"wp-block-columns is-layout-flex wp-container-core-columns-is-layout-1 wp-block-columns-is-layout-flex\">\n<div class=\"wp-block-column is-layout-flow wp-block-column-is-layout-flow\">\n<h2 class=\"wp-block-heading\">ARTIGOS<\/h2>\n\n\n\n<hr class=\"wp-block-separator has-text-color has-black-color has-alpha-channel-opacity has-black-background-color has-background is-style-wide\"\/>\n\n\n\n<div class=\"wp-block-query is-layout-flow wp-block-query-is-layout-flow\"><ul class=\"wp-block-post-template is-layout-flow wp-block-post-template-is-layout-flow\"><li class=\"wp-block-post post-3438 post type-post status-publish format-standard has-post-thumbnail hentry category-artigos category-saude tag-167 tag-curiosa-2 tag-saude\">\n<h2 style=\"color:#222173; font-style:normal;font-weight:700;\" class=\"h2-simulate-h1-size wp-block-post-title has-text-color has-medium-font-size\"><a href=\"https:\/\/www.lugarvazio.com.br\/blog\/artigos\/o-que-sao-obesogenicos-produtos-que-engordam-so-de-olhar\/\" target=\"_self\" >O que S\u00e3o Obesog\u00eanicos &#8211; Produtos que Engordam S\u00f3 de Olhar<\/a><\/h2>\n\n<figure style=\"width:75px;\" class=\"alignleft post-thumbnail-left wp-block-post-featured-image\"><a href=\"https:\/\/www.lugarvazio.com.br\/blog\/artigos\/o-que-sao-obesogenicos-produtos-que-engordam-so-de-olhar\/\" target=\"_self\"  ><img loading=\"lazy\" decoding=\"async\" width=\"75\" height=\"75\" src=\"https:\/\/www.lugarvazio.com.br\/img\/2023\/10\/obesogenicos-75x75.jpeg\" class=\"attachment-post-thumbnail size-post-thumbnail wp-post-image\" alt=\"O que S\u00e3o Obesog\u00eanicos &#8211; Produtos que Engordam S\u00f3 de Olhar\" style=\"object-fit:cover;\" \/><\/a><\/figure>\n\n<div style=\"font-size:16px;\" class=\"featured-page-content wp-block-post-excerpt\"><p class=\"wp-block-post-excerpt__excerpt\">Conhe\u00e7a e entenda quais e o que s\u00e3o obesog\u00eanicos, os produtos qu\u00edmicos que fazem seu corpo ganhar peso e gordura sem alimento.<\/p><p class=\"wp-block-post-excerpt__more-text\"><a class=\"wp-block-post-excerpt__more-link\" href=\"https:\/\/www.lugarvazio.com.br\/blog\/artigos\/o-que-sao-obesogenicos-produtos-que-engordam-so-de-olhar\/\">Leia mais&#8230;<\/a><\/p><\/div>\n\n\n<hr class=\"wp-block-separator has-text-color has-alpha-channel-opacity has-background\" style=\"background-color:#e2eef9;color:#e2eef9\"\/>\n\n<\/li><li class=\"wp-block-post post-3427 post type-post status-publish format-standard has-post-thumbnail hentry category-artigos category-saude tag-167 tag-artigo tag-saude\">\n<h2 style=\"color:#222173; font-style:normal;font-weight:700;\" class=\"h2-simulate-h1-size wp-block-post-title has-text-color has-medium-font-size\"><a href=\"https:\/\/www.lugarvazio.com.br\/blog\/artigos\/medicina-ayurveda-equilibrio-para-corpo-mente-e-espirito\/\" target=\"_self\" >Medicina Ayurveda: Equil\u00edbrio para Corpo, Mente e Esp\u00edrito<\/a><\/h2>\n\n<figure style=\"width:75px;\" class=\"alignleft post-thumbnail-left wp-block-post-featured-image\"><a href=\"https:\/\/www.lugarvazio.com.br\/blog\/artigos\/medicina-ayurveda-equilibrio-para-corpo-mente-e-espirito\/\" target=\"_self\"  ><img loading=\"lazy\" decoding=\"async\" width=\"75\" height=\"75\" src=\"https:\/\/www.lugarvazio.com.br\/img\/2023\/07\/Ayurveda-75x75.png\" class=\"attachment-post-thumbnail size-post-thumbnail wp-post-image\" alt=\"Medicina Ayurveda: Equil\u00edbrio para Corpo, Mente e Esp\u00edrito\" style=\"object-fit:cover;\" \/><\/a><\/figure>\n\n<div style=\"font-size:16px;\" class=\"featured-page-content wp-block-post-excerpt\"><p class=\"wp-block-post-excerpt__excerpt\">Medicina Ayurveda \u00e9 um m\u00e9todo tradicional indiano que busca equilibrar corpo e mente atrav\u00e9s da alimenta\u00e7\u00e3o, estilo de vida e terapias naturais. Conhe\u00e7a mais<\/p><p class=\"wp-block-post-excerpt__more-text\"><a class=\"wp-block-post-excerpt__more-link\" href=\"https:\/\/www.lugarvazio.com.br\/blog\/artigos\/medicina-ayurveda-equilibrio-para-corpo-mente-e-espirito\/\">Leia mais&#8230;<\/a><\/p><\/div>\n\n\n<hr class=\"wp-block-separator has-text-color has-alpha-channel-opacity has-background\" style=\"background-color:#e2eef9;color:#e2eef9\"\/>\n\n<\/li><li class=\"wp-block-post post-3361 post type-post status-publish format-standard has-post-thumbnail hentry category-artigos category-saude tag-167 tag-artigo tag-saude\">\n<h2 style=\"color:#222173; font-style:normal;font-weight:700;\" class=\"h2-simulate-h1-size wp-block-post-title has-text-color has-medium-font-size\"><a href=\"https:\/\/www.lugarvazio.com.br\/blog\/artigos\/cuidando-da-saude-mental-lidando-com-ansiedade-no-trabalho\/\" target=\"_self\" >Sua Sa\u00fade Mental: Como Lidar com Ansiedade no Trabalho<\/a><\/h2>\n\n<figure style=\"width:75px;\" class=\"alignleft post-thumbnail-left wp-block-post-featured-image\"><a href=\"https:\/\/www.lugarvazio.com.br\/blog\/artigos\/cuidando-da-saude-mental-lidando-com-ansiedade-no-trabalho\/\" target=\"_self\"  ><img loading=\"lazy\" decoding=\"async\" width=\"75\" height=\"75\" src=\"https:\/\/www.lugarvazio.com.br\/img\/2023\/04\/ansiedade-trabalho-75x75.jpeg\" class=\"attachment-post-thumbnail size-post-thumbnail wp-post-image\" alt=\"Sua Sa\u00fade Mental: Como Lidar com Ansiedade no Trabalho\" style=\"object-fit:cover;\" \/><\/a><\/figure>\n\n<div style=\"font-size:16px;\" class=\"featured-page-content wp-block-post-excerpt\"><p class=\"wp-block-post-excerpt__excerpt\">Estrat\u00e9gias para lidar com a ansiedade no trabalho, identifique gatilhos, t\u00e9cnicas de respira\u00e7\u00e3o, medita\u00e7\u00e3o e tenha bem-estar f\u00edsico e mental.<\/p><p class=\"wp-block-post-excerpt__more-text\"><a class=\"wp-block-post-excerpt__more-link\" href=\"https:\/\/www.lugarvazio.com.br\/blog\/artigos\/cuidando-da-saude-mental-lidando-com-ansiedade-no-trabalho\/\">Leia mais&#8230;<\/a><\/p><\/div>\n\n\n<hr class=\"wp-block-separator has-text-color has-alpha-channel-opacity has-background\" style=\"background-color:#e2eef9;color:#e2eef9\"\/>\n\n<\/li><li class=\"wp-block-post post-3338 post type-post status-publish format-standard has-post-thumbnail hentry category-artigos category-curiosa tag-167 tag-artigo tag-curiosa-2 tag-tecnologia\">\n<h2 style=\"color:#222173; font-style:normal;font-weight:700;\" class=\"h2-simulate-h1-size wp-block-post-title has-text-color has-medium-font-size\"><a href=\"https:\/\/www.lugarvazio.com.br\/blog\/artigos\/na-internet-ninguem-sabe-se-voce-e-humano\/\" target=\"_self\" >Na Internet Ningu\u00e9m Sabe Se Voc\u00ea \u00e9 Humano<\/a><\/h2>\n\n<figure style=\"width:75px;\" class=\"alignleft post-thumbnail-left wp-block-post-featured-image\"><a href=\"https:\/\/www.lugarvazio.com.br\/blog\/artigos\/na-internet-ninguem-sabe-se-voce-e-humano\/\" target=\"_self\"  ><img loading=\"lazy\" decoding=\"async\" width=\"75\" height=\"75\" src=\"https:\/\/www.lugarvazio.com.br\/img\/2023\/03\/voce-e-real-75x75.jpeg\" class=\"attachment-post-thumbnail size-post-thumbnail wp-post-image\" alt=\"Na Internet Ningu\u00e9m Sabe Se Voc\u00ea \u00e9 Humano\" style=\"object-fit:cover;\" \/><\/a><\/figure>\n\n<div style=\"font-size:16px;\" class=\"featured-page-content wp-block-post-excerpt\"><p class=\"wp-block-post-excerpt__excerpt\">\u00c0 medida que bots, avatares e geradores de Intelig\u00eancia Artificial (IA) se tornam cada vez mais &#8220;humanos&#8221;, como os criadores de conte\u00fado provam que s\u00e3o reais?<\/p><p class=\"wp-block-post-excerpt__more-text\"><a class=\"wp-block-post-excerpt__more-link\" href=\"https:\/\/www.lugarvazio.com.br\/blog\/artigos\/na-internet-ninguem-sabe-se-voce-e-humano\/\">Leia mais&#8230;<\/a><\/p><\/div>\n\n\n<hr class=\"wp-block-separator has-text-color has-alpha-channel-opacity has-background\" style=\"background-color:#e2eef9;color:#e2eef9\"\/>\n\n<\/li><li class=\"wp-block-post post-3331 post type-post status-publish format-standard has-post-thumbnail hentry category-artigos category-saude tag-167 tag-artigo tag-dieta tag-saude\">\n<h2 style=\"color:#222173; font-style:normal;font-weight:700;\" class=\"h2-simulate-h1-size wp-block-post-title has-text-color has-medium-font-size\"><a href=\"https:\/\/www.lugarvazio.com.br\/blog\/artigos\/janela-de-perda-de-peso-veja-truque-para-dieta-funcionar\/\" target=\"_self\" >Janela de Perda de Peso, Veja Truque para Dieta Funcionar<\/a><\/h2>\n\n<figure style=\"width:75px;\" class=\"alignleft post-thumbnail-left wp-block-post-featured-image\"><a href=\"https:\/\/www.lugarvazio.com.br\/blog\/artigos\/janela-de-perda-de-peso-veja-truque-para-dieta-funcionar\/\" target=\"_self\"  ><img loading=\"lazy\" decoding=\"async\" width=\"75\" height=\"75\" src=\"https:\/\/www.lugarvazio.com.br\/img\/2023\/03\/despertador-com-talheres-75x75.jpg\" class=\"attachment-post-thumbnail size-post-thumbnail wp-post-image\" alt=\"Janela de Perda de Peso, Veja Truque para Dieta Funcionar\" style=\"object-fit:cover;\" \/><\/a><\/figure>\n\n<div style=\"font-size:16px;\" class=\"featured-page-content wp-block-post-excerpt\"><p class=\"wp-block-post-excerpt__excerpt\">Um truque simples pode ajudar quem est\u00e1 fazendo dieta a perder 94% mais peso em apenas uma semana, revelam cientistas. Entenda como.<\/p><p class=\"wp-block-post-excerpt__more-text\"><a class=\"wp-block-post-excerpt__more-link\" href=\"https:\/\/www.lugarvazio.com.br\/blog\/artigos\/janela-de-perda-de-peso-veja-truque-para-dieta-funcionar\/\">Leia mais&#8230;<\/a><\/p><\/div>\n\n\n<hr class=\"wp-block-separator has-text-color has-alpha-channel-opacity has-background\" style=\"background-color:#e2eef9;color:#e2eef9\"\/>\n\n<\/li><\/ul><\/div>\n\n\n\n<h2 class=\"wp-block-heading\">CELULAR<\/h2>\n\n\n\n<hr class=\"wp-block-separator has-text-color has-black-color has-alpha-channel-opacity has-black-background-color has-background is-style-wide\"\/>\n\n\n\n<div class=\"wp-block-query is-layout-flow wp-block-query-is-layout-flow\"><ul class=\"wp-block-post-template is-layout-flow wp-block-post-template-is-layout-flow\"><li class=\"wp-block-post post-3270 post type-post status-publish format-standard has-post-thumbnail hentry category-celular tag-167 tag-celular-2 tag-noticia\">\n<h2 style=\"color:#222173; font-style:bold;font-weight:700;\" class=\"h2-simulate-h1-size wp-block-post-title has-text-color has-medium-font-size\"><a href=\"https:\/\/www.lugarvazio.com.br\/blog\/celular\/quer-saber-qual-empresa-ligou\/\" target=\"_self\" >Quero Saber Qual Empresa Me Ligou e Identificar Abusos<\/a><\/h2>\n\n<figure style=\"width:75px;\" class=\"alignleft post-thumbnail-left wp-block-post-featured-image\"><a href=\"https:\/\/www.lugarvazio.com.br\/blog\/celular\/quer-saber-qual-empresa-ligou\/\" target=\"_self\"  ><img loading=\"lazy\" decoding=\"async\" width=\"75\" height=\"75\" src=\"https:\/\/www.lugarvazio.com.br\/img\/2023\/01\/QuemMeLigou-75x75.jpeg\" class=\"attachment-post-thumbnail size-post-thumbnail wp-post-image\" alt=\"Quero Saber Qual Empresa Me Ligou e Identificar Abusos\" style=\"object-fit:cover;\" \/><\/a><\/figure>\n\n<div style=\"font-size:16px;\" class=\"featured-page-content wp-block-post-excerpt\"><p class=\"wp-block-post-excerpt__excerpt\">Recebeu uma liga\u00e7\u00e3o e n\u00e3o reconhece o n\u00famero? Servi\u00e7o &#8220;Qual Empresa Te Ligou&#8221; definido pela Anatel ajuda a identificar quais empresas est\u00e3o te ligando.\u00a0<\/p><p class=\"wp-block-post-excerpt__more-text\"><a class=\"wp-block-post-excerpt__more-link\" href=\"https:\/\/www.lugarvazio.com.br\/blog\/celular\/quer-saber-qual-empresa-ligou\/\">Leia mais&#8230;<\/a><\/p><\/div>\n\n\n<hr class=\"wp-block-separator has-text-color has-alpha-channel-opacity has-background\" style=\"background-color:#e2eef9;color:#e2eef9\"\/>\n\n<\/li><li class=\"wp-block-post post-3321 post type-post status-publish format-standard has-post-thumbnail hentry category-celular tag-167 tag-celular-2 tag-curiosa-2 tag-iphone tag-noticia\">\n<h2 style=\"color:#222173; font-style:bold;font-weight:700;\" class=\"h2-simulate-h1-size wp-block-post-title has-text-color has-medium-font-size\"><a href=\"https:\/\/www.lugarvazio.com.br\/blog\/celular\/tres-truques-escondidos-do-whatsapp-quem-voce-precisa-saber\/\" target=\"_self\" >Tr\u00eas Truques Escondidos do WhatsApp Que Voc\u00ea Precisa Saber<\/a><\/h2>\n\n<figure style=\"width:75px;\" class=\"alignleft post-thumbnail-left wp-block-post-featured-image\"><a href=\"https:\/\/www.lugarvazio.com.br\/blog\/celular\/tres-truques-escondidos-do-whatsapp-quem-voce-precisa-saber\/\" target=\"_self\"  ><img loading=\"lazy\" decoding=\"async\" width=\"75\" height=\"75\" src=\"https:\/\/www.lugarvazio.com.br\/img\/2023\/02\/whatsapp-surprise-comp-75x75.jpeg\" class=\"attachment-post-thumbnail size-post-thumbnail wp-post-image\" alt=\"Tr\u00eas Truques Escondidos do WhatsApp Que Voc\u00ea Precisa Saber\" style=\"object-fit:cover;\" \/><\/a><\/figure>\n\n<div style=\"font-size:16px;\" class=\"featured-page-content wp-block-post-excerpt\"><p class=\"wp-block-post-excerpt__excerpt\">Voc\u00ea provavelmente j\u00e1 usou o WhatsApp para enviar dezenas de milhares de mensagens de texto \u2013 mas voc\u00ea conhece todos os seus segredos?<\/p><p class=\"wp-block-post-excerpt__more-text\"><a class=\"wp-block-post-excerpt__more-link\" href=\"https:\/\/www.lugarvazio.com.br\/blog\/celular\/tres-truques-escondidos-do-whatsapp-quem-voce-precisa-saber\/\">Leia mais&#8230;<\/a><\/p><\/div>\n\n\n<hr class=\"wp-block-separator has-text-color has-alpha-channel-opacity has-background\" style=\"background-color:#e2eef9;color:#e2eef9\"\/>\n\n<\/li><li class=\"wp-block-post post-3250 post type-post status-publish format-standard has-post-thumbnail hentry category-celular tag-167 tag-celular-2 tag-noticia\">\n<h2 style=\"color:#222173; font-style:bold;font-weight:700;\" class=\"h2-simulate-h1-size wp-block-post-title has-text-color has-medium-font-size\"><a href=\"https:\/\/www.lugarvazio.com.br\/blog\/celular\/organizacao-pede-fim-do-bloqueio-de-internet-pre-paga-movel\/\" target=\"_self\" >Organiza\u00e7\u00e3o Pede Fim do Bloqueio de Internet Pr\u00e9-Paga M\u00f3vel<\/a><\/h2>\n\n<figure style=\"width:75px;\" class=\"alignleft post-thumbnail-left wp-block-post-featured-image\"><a href=\"https:\/\/www.lugarvazio.com.br\/blog\/celular\/organizacao-pede-fim-do-bloqueio-de-internet-pre-paga-movel\/\" target=\"_self\"  ><img loading=\"lazy\" decoding=\"async\" width=\"75\" height=\"75\" src=\"https:\/\/www.lugarvazio.com.br\/img\/2023\/01\/SMARTPHONE-COM-CADEADO-75x75.png\" class=\"attachment-post-thumbnail size-post-thumbnail wp-post-image\" alt=\"Organiza\u00e7\u00e3o Pede Fim do Bloqueio de Internet Pr\u00e9-Paga M\u00f3vel\" style=\"object-fit:cover;\" srcset=\"https:\/\/www.lugarvazio.com.br\/img\/2023\/01\/SMARTPHONE-COM-CADEADO-75x75.png 75w, https:\/\/www.lugarvazio.com.br\/img\/2023\/01\/SMARTPHONE-COM-CADEADO-300x300.png 300w, https:\/\/www.lugarvazio.com.br\/img\/2023\/01\/SMARTPHONE-COM-CADEADO-80x80.png 80w, https:\/\/www.lugarvazio.com.br\/img\/2023\/01\/SMARTPHONE-COM-CADEADO-290x290.png 290w, https:\/\/www.lugarvazio.com.br\/img\/2023\/01\/SMARTPHONE-COM-CADEADO-150x150.png 150w, https:\/\/www.lugarvazio.com.br\/img\/2023\/01\/SMARTPHONE-COM-CADEADO.png 450w\" sizes=\"auto, (max-width: 75px) 100vw, 75px\" \/><\/a><\/figure>\n\n<div style=\"font-size:16px;\" class=\"featured-page-content wp-block-post-excerpt\"><p class=\"wp-block-post-excerpt__excerpt\">Coaliz\u00e3o de organiza\u00e7\u00f5es da sociedade civil alega que pr\u00e1tica \u00e9 ilegal e fere o C\u00f3digo de Defesa do Consumidor e que a Internet \u00e9 servi\u00e7o essencial ao p\u00fablico.<\/p><p class=\"wp-block-post-excerpt__more-text\"><a class=\"wp-block-post-excerpt__more-link\" href=\"https:\/\/www.lugarvazio.com.br\/blog\/celular\/organizacao-pede-fim-do-bloqueio-de-internet-pre-paga-movel\/\">Leia mais&#8230;<\/a><\/p><\/div>\n\n\n<hr class=\"wp-block-separator has-text-color has-alpha-channel-opacity has-background\" style=\"background-color:#e2eef9;color:#e2eef9\"\/>\n\n<\/li><li class=\"wp-block-post post-3253 post type-post status-publish format-standard has-post-thumbnail hentry category-celular tag-167 tag-celular-2 tag-utilidade\">\n<h2 style=\"color:#222173; font-style:bold;font-weight:700;\" class=\"h2-simulate-h1-size wp-block-post-title has-text-color has-medium-font-size\"><a href=\"https:\/\/www.lugarvazio.com.br\/blog\/celular\/nao-recarregou-o-celular-posso-recuperar-o-meu-numero\/\" target=\"_self\" >N\u00e3o Recarregou o Celular? Posso Recuperar Meu N\u00famero?<\/a><\/h2>\n\n<figure style=\"width:75px;\" class=\"alignleft post-thumbnail-left wp-block-post-featured-image\"><a href=\"https:\/\/www.lugarvazio.com.br\/blog\/celular\/nao-recarregou-o-celular-posso-recuperar-o-meu-numero\/\" target=\"_self\"  ><img loading=\"lazy\" decoding=\"async\" width=\"75\" height=\"75\" src=\"https:\/\/www.lugarvazio.com.br\/img\/2023\/01\/pessoa-usando-celular-75x75.png\" class=\"attachment-post-thumbnail size-post-thumbnail wp-post-image\" alt=\"N\u00e3o Recarregou o Celular? Posso Recuperar Meu N\u00famero?\" style=\"object-fit:cover;\" \/><\/a><\/figure>\n\n<div style=\"font-size:16px;\" class=\"featured-page-content wp-block-post-excerpt\"><p class=\"wp-block-post-excerpt__excerpt\">Ficar sem recarregar o celular pr\u00e9-pago pode fazer o usu\u00e1rio perder seu n\u00famero. Descubra o tempo de toler\u00e2ncia e como recuperar n\u00famero nas Operadoras.<\/p><p class=\"wp-block-post-excerpt__more-text\"><a class=\"wp-block-post-excerpt__more-link\" href=\"https:\/\/www.lugarvazio.com.br\/blog\/celular\/nao-recarregou-o-celular-posso-recuperar-o-meu-numero\/\">Leia mais&#8230;<\/a><\/p><\/div>\n\n\n<hr class=\"wp-block-separator has-text-color has-alpha-channel-opacity has-background\" style=\"background-color:#e2eef9;color:#e2eef9\"\/>\n\n<\/li><li class=\"wp-block-post post-3194 post type-post status-publish format-standard has-post-thumbnail hentry category-celular tag-150 tag-celular-2 tag-tim\">\n<h2 style=\"color:#222173; font-style:bold;font-weight:700;\" class=\"h2-simulate-h1-size wp-block-post-title has-text-color has-medium-font-size\"><a href=\"https:\/\/www.lugarvazio.com.br\/blog\/celular\/fla-chip-time-do-flamengo-lanca-celular\/\" target=\"_self\" >Com FLA Chip o Time do Flamengo Lan\u00e7a Celular<\/a><\/h2>\n\n<figure style=\"width:75px;\" class=\"alignleft post-thumbnail-left wp-block-post-featured-image\"><a href=\"https:\/\/www.lugarvazio.com.br\/blog\/celular\/fla-chip-time-do-flamengo-lanca-celular\/\" target=\"_self\"  ><img loading=\"lazy\" decoding=\"async\" width=\"75\" height=\"75\" src=\"https:\/\/www.lugarvazio.com.br\/img\/2022\/10\/fla-chip-75x75.png\" class=\"attachment-post-thumbnail size-post-thumbnail wp-post-image\" alt=\"Com FLA Chip o Time do Flamengo Lan\u00e7a Celular\" style=\"object-fit:cover;\" \/><\/a><\/figure>\n\n<div style=\"font-size:16px;\" class=\"featured-page-content wp-block-post-excerpt\"><p class=\"wp-block-post-excerpt__excerpt\">O novo produto do Flamengo, o chip de celular FLA Chip direcionado para o torcedor que n\u00e3o larga o aparelho, tem pre\u00e7os e planos competitivos<\/p><p class=\"wp-block-post-excerpt__more-text\"><a class=\"wp-block-post-excerpt__more-link\" href=\"https:\/\/www.lugarvazio.com.br\/blog\/celular\/fla-chip-time-do-flamengo-lanca-celular\/\">Leia mais&#8230;<\/a><\/p><\/div>\n\n\n<hr class=\"wp-block-separator has-text-color has-alpha-channel-opacity has-background\" style=\"background-color:#e2eef9;color:#e2eef9\"\/>\n\n<\/li><\/ul><\/div>\n<\/div>\n\n\n\n<div class=\"wp-block-column is-layout-flow wp-block-column-is-layout-flow\">\n<h2 class=\"wp-block-heading\">NOT\u00cdCIAS<\/h2>\n\n\n\n<hr class=\"wp-block-separator has-text-color has-black-color has-alpha-channel-opacity has-black-background-color has-background is-style-wide\"\/>\n\n\n\n<div class=\"wp-block-query is-layout-flow wp-block-query-is-layout-flow\"><ul class=\"wp-block-post-template is-layout-flow wp-block-post-template-is-layout-flow\"><li class=\"wp-block-post post-3480 post type-post status-publish format-standard has-post-thumbnail hentry category-noticias category-tecnologia tag-176 tag-ferramentas-digitais tag-ia tag-inteligencia-artificial tag-tecnologia\">\n<h2 style=\"color:#222173; font-style:bold;font-weight:700;\" class=\"h2-simulate-h1-size wp-block-post-title has-text-color has-medium-font-size\"><a href=\"https:\/\/www.lugarvazio.com.br\/blog\/noticias\/tipos-de-inteligencia-artificial-guia-completo-2026\/\" target=\"_self\" >Tipos de Intelig\u00eancia Artificial: Guia Completo (2026)<\/a><\/h2>\n\n<figure style=\"width:75px;\" class=\"alignleft post-thumbnail-left wp-block-post-featured-image\"><a href=\"https:\/\/www.lugarvazio.com.br\/blog\/noticias\/tipos-de-inteligencia-artificial-guia-completo-2026\/\" target=\"_self\"  ><img loading=\"lazy\" decoding=\"async\" width=\"75\" height=\"75\" src=\"https:\/\/www.lugarvazio.com.br\/img\/2026\/04\/AI-assistants-in-action-75x75.png\" class=\"attachment-post-thumbnail size-post-thumbnail wp-post-image\" alt=\"Tipos de Intelig\u00eancia Artificial: Guia Completo (2026)\" style=\"object-fit:cover;\" \/><\/a><\/figure>\n\n<div style=\"font-size:15px;\" class=\"featured-page-content wp-block-post-excerpt\"><p class=\"wp-block-post-excerpt__excerpt\">Guia dos Tipos de IA: do ChatGPT ao Agente que Trabalha Pelo Seu Computador Entenda de forma simples quais s\u00e3o as intelig\u00eancias artificiais dispon\u00edveis hoje, o que cada uma faz e qual delas serve para voc\u00ea Se voc\u00ea j\u00e1 se perdeu tentando entender a diferen\u00e7a entre ChatGPT, Gemini, Claude e tantos outros nomes que aparecem&hellip;<\/p><p class=\"wp-block-post-excerpt__more-text\"><a class=\"wp-block-post-excerpt__more-link\" href=\"https:\/\/www.lugarvazio.com.br\/blog\/noticias\/tipos-de-inteligencia-artificial-guia-completo-2026\/\">Leia mais&#8230;<\/a><\/p><\/div>\n\n\n<hr class=\"wp-block-separator has-text-color has-alpha-channel-opacity has-background\" style=\"background-color:#e2eef9;color:#e2eef9\"\/>\n\n<\/li><li class=\"wp-block-post post-3408 post type-post status-publish format-standard has-post-thumbnail hentry category-noticias tag-167 tag-aquecimento-global tag-ciencia\">\n<h2 style=\"color:#222173; font-style:bold;font-weight:700;\" class=\"h2-simulate-h1-size wp-block-post-title has-text-color has-medium-font-size\"><a href=\"https:\/\/www.lugarvazio.com.br\/blog\/noticias\/aquecimento-global-cientistas-alarmados-com-temperatura-dos-oceanos\/\" target=\"_self\" >Aquecimento Global &#8211; Cientistas Alarmados com Temperatura dos Oceanos<\/a><\/h2>\n\n<figure style=\"width:75px;\" class=\"alignleft post-thumbnail-left wp-block-post-featured-image\"><a href=\"https:\/\/www.lugarvazio.com.br\/blog\/noticias\/aquecimento-global-cientistas-alarmados-com-temperatura-dos-oceanos\/\" target=\"_self\"  ><img loading=\"lazy\" decoding=\"async\" width=\"75\" height=\"75\" src=\"https:\/\/www.lugarvazio.com.br\/img\/2023\/05\/por-do-sol-mar-75x75.jpeg\" class=\"attachment-post-thumbnail size-post-thumbnail wp-post-image\" alt=\"Aquecimento Global &#8211; Cientistas Alarmados com Temperatura dos Oceanos\" style=\"object-fit:cover;\" \/><\/a><\/figure>\n\n<div style=\"font-size:15px;\" class=\"featured-page-content wp-block-post-excerpt\"><p class=\"wp-block-post-excerpt__excerpt\">Recente aumento da temperatura dos oceanos acendeu o alarme nos cientistas preocupados com os efeitos do aquecimento global.<\/p><p class=\"wp-block-post-excerpt__more-text\"><a class=\"wp-block-post-excerpt__more-link\" href=\"https:\/\/www.lugarvazio.com.br\/blog\/noticias\/aquecimento-global-cientistas-alarmados-com-temperatura-dos-oceanos\/\">Leia mais&#8230;<\/a><\/p><\/div>\n\n\n<hr class=\"wp-block-separator has-text-color has-alpha-channel-opacity has-background\" style=\"background-color:#e2eef9;color:#e2eef9\"\/>\n\n<\/li><li class=\"wp-block-post post-3368 post type-post status-publish format-standard has-post-thumbnail hentry category-noticias category-tecnologia tag-167 tag-curiosa-2 tag-noticia\">\n<h2 style=\"color:#222173; font-style:bold;font-weight:700;\" class=\"h2-simulate-h1-size wp-block-post-title has-text-color has-medium-font-size\"><a href=\"https:\/\/www.lugarvazio.com.br\/blog\/noticias\/em-alarmante-experimento-hackers-conseguiram-acessar-satelite\/\" target=\"_self\" >Em Alarmante Experimento Hackers Conseguiram Acessar Sat\u00e9lite<\/a><\/h2>\n\n<figure style=\"width:75px;\" class=\"alignleft post-thumbnail-left wp-block-post-featured-image\"><a href=\"https:\/\/www.lugarvazio.com.br\/blog\/noticias\/em-alarmante-experimento-hackers-conseguiram-acessar-satelite\/\" target=\"_self\"  ><img loading=\"lazy\" decoding=\"async\" width=\"75\" height=\"75\" src=\"https:\/\/www.lugarvazio.com.br\/img\/2023\/05\/satelite-hacker-75x75.jpeg\" class=\"attachment-post-thumbnail size-post-thumbnail wp-post-image\" alt=\"Em Alarmante Experimento Hackers Conseguiram Acessar Sat\u00e9lite\" style=\"object-fit:cover;\" \/><\/a><\/figure>\n\n<div style=\"font-size:15px;\" class=\"featured-page-content wp-block-post-excerpt\"><p class=\"wp-block-post-excerpt__excerpt\">Os hackers conseguiram acessar a interface de controle de um sat\u00e9lite de imagem, permitindo a manipula\u00e7\u00e3o dos seus sistemas e coloca\u00e7\u00e3o de c\u00f3digos maliciosos.<\/p><p class=\"wp-block-post-excerpt__more-text\"><a class=\"wp-block-post-excerpt__more-link\" href=\"https:\/\/www.lugarvazio.com.br\/blog\/noticias\/em-alarmante-experimento-hackers-conseguiram-acessar-satelite\/\">Leia mais&#8230;<\/a><\/p><\/div>\n\n\n<hr class=\"wp-block-separator has-text-color has-alpha-channel-opacity has-background\" style=\"background-color:#e2eef9;color:#e2eef9\"\/>\n\n<\/li><li class=\"wp-block-post post-3348 post type-post status-publish format-standard has-post-thumbnail hentry category-noticias tag-167 tag-curiosa-2 tag-noticia\">\n<h2 style=\"color:#222173; font-style:bold;font-weight:700;\" class=\"h2-simulate-h1-size wp-block-post-title has-text-color has-medium-font-size\"><a href=\"https:\/\/www.lugarvazio.com.br\/blog\/noticias\/apos-500-dias-sozinha-em-caverna-atleta-quebra-recorde\/\" target=\"_self\" >Ap\u00f3s 500 Dias Sozinha em Caverna Atleta Quebra Recorde<\/a><\/h2>\n\n<figure style=\"width:75px;\" class=\"alignleft post-thumbnail-left wp-block-post-featured-image\"><a href=\"https:\/\/www.lugarvazio.com.br\/blog\/noticias\/apos-500-dias-sozinha-em-caverna-atleta-quebra-recorde\/\" target=\"_self\"  ><img loading=\"lazy\" decoding=\"async\" width=\"75\" height=\"75\" src=\"https:\/\/www.lugarvazio.com.br\/img\/2023\/04\/cave-woman3-75x75.jpeg\" class=\"attachment-post-thumbnail size-post-thumbnail wp-post-image\" alt=\"Ap\u00f3s 500 Dias Sozinha em Caverna Atleta Quebra Recorde\" style=\"object-fit:cover;\" \/><\/a><\/figure>\n\n<div style=\"font-size:15px;\" class=\"featured-page-content wp-block-post-excerpt\"><p class=\"wp-block-post-excerpt__excerpt\">Uma atleta radical espanhola emergiu de caverna depois de passar 500 dias sem contato humano, em um novo recorde mundial em estudo sobre comportamento humano.<\/p><p class=\"wp-block-post-excerpt__more-text\"><a class=\"wp-block-post-excerpt__more-link\" href=\"https:\/\/www.lugarvazio.com.br\/blog\/noticias\/apos-500-dias-sozinha-em-caverna-atleta-quebra-recorde\/\">Leia mais&#8230;<\/a><\/p><\/div>\n\n\n<hr class=\"wp-block-separator has-text-color has-alpha-channel-opacity has-background\" style=\"background-color:#e2eef9;color:#e2eef9\"\/>\n\n<\/li><li class=\"wp-block-post post-3316 post type-post status-publish format-standard has-post-thumbnail hentry category-ciencia category-noticias tag-167 tag-ciencia tag-historia\">\n<h2 style=\"color:#222173; font-style:bold;font-weight:700;\" class=\"h2-simulate-h1-size wp-block-post-title has-text-color has-medium-font-size\"><a href=\"https:\/\/www.lugarvazio.com.br\/blog\/noticias\/inversao-do-polo-magnetico-da-terra-extinguiu-os-neandertais\/\" target=\"_self\" >Invers\u00e3o do Polo Magn\u00e9tico da Terra Extinguiu os Neandertais<\/a><\/h2>\n\n<figure style=\"width:75px;\" class=\"alignleft post-thumbnail-left wp-block-post-featured-image\"><a href=\"https:\/\/www.lugarvazio.com.br\/blog\/noticias\/inversao-do-polo-magnetico-da-terra-extinguiu-os-neandertais\/\" target=\"_self\"  ><img loading=\"lazy\" decoding=\"async\" width=\"75\" height=\"75\" src=\"https:\/\/www.lugarvazio.com.br\/img\/2023\/02\/Inversao-dos-polos-75x75.jpeg\" class=\"attachment-post-thumbnail size-post-thumbnail wp-post-image\" alt=\"Invers\u00e3o do Polo Magn\u00e9tico da Terra Extinguiu os Neandertais\" style=\"object-fit:cover;\" \/><\/a><\/figure>\n\n<div style=\"font-size:15px;\" class=\"featured-page-content wp-block-post-excerpt\"><p class=\"wp-block-post-excerpt__excerpt\">Evento de 42.000 anos mais queda na atividade solar foi catacl\u00edsmico, segundo pesquisa. Na proximidade de outra invers\u00e3o nos polos magn\u00e9ticos, como nos afetar\u00e1.<\/p><p class=\"wp-block-post-excerpt__more-text\"><a class=\"wp-block-post-excerpt__more-link\" href=\"https:\/\/www.lugarvazio.com.br\/blog\/noticias\/inversao-do-polo-magnetico-da-terra-extinguiu-os-neandertais\/\">Leia mais&#8230;<\/a><\/p><\/div>\n\n\n<hr class=\"wp-block-separator has-text-color has-alpha-channel-opacity has-background\" style=\"background-color:#e2eef9;color:#e2eef9\"\/>\n\n<\/li><\/ul><\/div>\n\n\n\n<h2 class=\"wp-block-heading\">UTILIDADES<\/h2>\n\n\n\n<hr class=\"wp-block-separator has-text-color has-black-color has-alpha-channel-opacity has-black-background-color has-background is-style-wide\"\/>\n\n\n\n<div class=\"wp-block-query is-layout-flow wp-block-query-is-layout-flow\"><ul class=\"wp-block-post-template is-layout-flow wp-block-post-template-is-layout-flow\"><li class=\"wp-block-post post-3214 post type-post status-publish format-standard has-post-thumbnail hentry category-utilidades tag-150 tag-saude tag-utilidade\">\n<h2 style=\"color:#222173; font-style:bold;font-weight:700;\" class=\"h2-simulate-h1-size wp-block-post-title has-text-color has-medium-font-size\"><a href=\"https:\/\/www.lugarvazio.com.br\/blog\/utilidades\/quantas-refeicoes-por-dia-sao-saudaveis\/\" target=\"_self\" >Quantas Refei\u00e7\u00f5es no Dia S\u00e3o Saud\u00e1veis no Jejum Intermitente<\/a><\/h2>\n\n<figure style=\"width:75px;\" class=\"alignleft post-thumbnail-left wp-block-post-featured-image\"><a href=\"https:\/\/www.lugarvazio.com.br\/blog\/utilidades\/quantas-refeicoes-por-dia-sao-saudaveis\/\" target=\"_self\"  ><img loading=\"lazy\" decoding=\"async\" width=\"75\" height=\"75\" src=\"https:\/\/www.lugarvazio.com.br\/img\/2022\/11\/cafe\u0301-americano-75x75.jpeg\" class=\"attachment-post-thumbnail size-post-thumbnail wp-post-image\" alt=\"Quantas Refei\u00e7\u00f5es no Dia S\u00e3o Saud\u00e1veis no Jejum Intermitente\" style=\"object-fit:cover;\" \/><\/a><\/figure>\n\n<div style=\"font-size:16px;\" class=\"featured-page-content wp-block-post-excerpt\"><p class=\"wp-block-post-excerpt__excerpt\">A ideia de que devemos comer tr\u00eas refei\u00e7\u00f5es por dia \u00e9 muito recente. Quantas refei\u00e7\u00f5es por dia s\u00e3o melhores para a nossa sa\u00fade?<\/p><p class=\"wp-block-post-excerpt__more-text\"><a class=\"wp-block-post-excerpt__more-link\" href=\"https:\/\/www.lugarvazio.com.br\/blog\/utilidades\/quantas-refeicoes-por-dia-sao-saudaveis\/\">Leia mais&#8230;<\/a><\/p><\/div>\n\n\n<hr class=\"wp-block-separator has-text-color has-alpha-channel-opacity has-background\" style=\"background-color:#e2eef9;color:#e2eef9\"\/>\n\n<\/li><li class=\"wp-block-post post-3050 post type-post status-publish format-standard has-post-thumbnail hentry category-utilidades tag-150 tag-noticia tag-saude tag-utilidades\">\n<h2 style=\"color:#222173; font-style:bold;font-weight:700;\" class=\"h2-simulate-h1-size wp-block-post-title has-text-color has-medium-font-size\"><a href=\"https:\/\/www.lugarvazio.com.br\/blog\/utilidades\/voce-esta-desperdicando-seu-dinheiro-em-suplementos-especialistas-dizem-que-sim\/\" target=\"_self\" >Voc\u00ea Est\u00e1 Desperdi\u00e7ando Seu Dinheiro Em Suplementos?<\/a><\/h2>\n\n<figure style=\"width:75px;\" class=\"alignleft post-thumbnail-left wp-block-post-featured-image\"><a href=\"https:\/\/www.lugarvazio.com.br\/blog\/utilidades\/voce-esta-desperdicando-seu-dinheiro-em-suplementos-especialistas-dizem-que-sim\/\" target=\"_self\"  ><img loading=\"lazy\" decoding=\"async\" width=\"75\" height=\"75\" src=\"https:\/\/www.lugarvazio.com.br\/img\/2022\/06\/vitaminas-funcionam-75x75.jpg\" class=\"attachment-post-thumbnail size-post-thumbnail wp-post-image\" alt=\"Voc\u00ea Est\u00e1 Desperdi\u00e7ando Seu Dinheiro Em Suplementos?\" style=\"object-fit:cover;\" \/><\/a><\/figure>\n\n<div style=\"font-size:16px;\" class=\"featured-page-content wp-block-post-excerpt\"><p class=\"wp-block-post-excerpt__excerpt\">Suplementos vitam\u00ednicos e multivitam\u00ednicos podem proteger de c\u00e2ncer, doen\u00e7as card\u00edacas ou mortalidade geral? Aprenda h\u00e1bitos saud\u00e1veis e dieta mediterr\u00e2nea.<\/p><p class=\"wp-block-post-excerpt__more-text\"><a class=\"wp-block-post-excerpt__more-link\" href=\"https:\/\/www.lugarvazio.com.br\/blog\/utilidades\/voce-esta-desperdicando-seu-dinheiro-em-suplementos-especialistas-dizem-que-sim\/\">Leia mais&#8230;<\/a><\/p><\/div>\n\n\n<hr class=\"wp-block-separator has-text-color has-alpha-channel-opacity has-background\" style=\"background-color:#e2eef9;color:#e2eef9\"\/>\n\n<\/li><li class=\"wp-block-post post-2987 post type-post status-publish format-standard has-post-thumbnail hentry category-utilidades tag-10-anos tag-150 tag-utilidades\">\n<h2 style=\"color:#222173; font-style:bold;font-weight:700;\" class=\"h2-simulate-h1-size wp-block-post-title has-text-color has-medium-font-size\"><a href=\"https:\/\/www.lugarvazio.com.br\/blog\/utilidades\/o-perigo-mortal-do-frango\/\" target=\"_self\" >O Perigo Mortal. Lavar Frango ou N\u00e3o Lavar Antes do Preparo?<\/a><\/h2>\n\n<figure style=\"width:75px;\" class=\"alignleft post-thumbnail-left wp-block-post-featured-image\"><a href=\"https:\/\/www.lugarvazio.com.br\/blog\/utilidades\/o-perigo-mortal-do-frango\/\" target=\"_self\"  ><img loading=\"lazy\" decoding=\"async\" width=\"75\" height=\"75\" src=\"https:\/\/www.lugarvazio.com.br\/img\/2022\/06\/frango-lavado-getty-75x75.jpg\" class=\"attachment-post-thumbnail size-post-thumbnail wp-post-image\" alt=\"O Perigo Mortal. Lavar Frango ou N\u00e3o Lavar Antes do Preparo?\" style=\"object-fit:cover;\" \/><\/a><\/figure>\n\n<div style=\"font-size:16px;\" class=\"featured-page-content wp-block-post-excerpt\"><p class=\"wp-block-post-excerpt__excerpt\">Muitas pessoas acham que lavar frango antes de cozinh\u00e1-lo \u00e9 o certo. Descubra o que \u00e9 recomendado para n\u00e3o aumentar o risco de intoxica\u00e7\u00e3o alimentar.<\/p><p class=\"wp-block-post-excerpt__more-text\"><a class=\"wp-block-post-excerpt__more-link\" href=\"https:\/\/www.lugarvazio.com.br\/blog\/utilidades\/o-perigo-mortal-do-frango\/\">Leia mais&#8230;<\/a><\/p><\/div>\n\n\n<hr class=\"wp-block-separator has-text-color has-alpha-channel-opacity has-background\" style=\"background-color:#e2eef9;color:#e2eef9\"\/>\n\n<\/li><\/ul><\/div>\n\n\n\n<h2 class=\"wp-block-heading\">FINAN\u00c7AS<\/h2>\n\n\n\n<hr class=\"wp-block-separator has-text-color has-black-color has-alpha-channel-opacity has-black-background-color has-background is-style-wide\"\/>\n\n\n\n<div class=\"wp-block-query is-layout-flow wp-block-query-is-layout-flow\"><ul class=\"wp-block-post-template is-layout-flow wp-block-post-template-is-layout-flow\"><li class=\"wp-block-post post-3417 post type-post status-publish format-standard has-post-thumbnail hentry category-governo tag-167 tag-financas tag-utilidade\">\n<h2 style=\"color:#222173; font-style:bold;font-weight:700;\" class=\"h2-simulate-h1-size wp-block-post-title has-text-color has-medium-font-size\"><a href=\"https:\/\/www.lugarvazio.com.br\/blog\/governo\/saiba-como-cancelar-pix-e-outras-questoes\/\" target=\"_self\" >Saiba Como Cancelar PIX e Outras Quest\u00f5es<\/a><\/h2>\n\n<figure style=\"width:75px;\" class=\"alignleft post-thumbnail-left wp-block-post-featured-image\"><a href=\"https:\/\/www.lugarvazio.com.br\/blog\/governo\/saiba-como-cancelar-pix-e-outras-questoes\/\" target=\"_self\"  ><img loading=\"lazy\" decoding=\"async\" width=\"75\" height=\"75\" src=\"https:\/\/www.lugarvazio.com.br\/img\/2023\/05\/logo-pix-png-770x499-1-75x75.png\" class=\"attachment-post-thumbnail size-post-thumbnail wp-post-image\" alt=\"Saiba Como Cancelar PIX e Outras Quest\u00f5es\" style=\"object-fit:cover;\" \/><\/a><\/figure>\n\n<div style=\"font-size:16px;\" class=\"featured-page-content wp-block-post-excerpt\"><p class=\"wp-block-post-excerpt__excerpt\">O sistema de pagamento instant\u00e2neo PIX criado pelo Banco Central faz dois anos e ainda temos v\u00e1rias quest\u00f5es, tais, como cancelar PIX e outras.<\/p><p class=\"wp-block-post-excerpt__more-text\"><a class=\"wp-block-post-excerpt__more-link\" href=\"https:\/\/www.lugarvazio.com.br\/blog\/governo\/saiba-como-cancelar-pix-e-outras-questoes\/\">Leia mais&#8230;<\/a><\/p><\/div>\n\n\n<hr class=\"wp-block-separator has-text-color has-alpha-channel-opacity has-background\" style=\"background-color:#e2eef9;color:#e2eef9\"\/>\n\n<\/li><li class=\"wp-block-post post-3356 post type-post status-publish format-standard has-post-thumbnail hentry category-governo tag-167 tag-consignado tag-financas\">\n<h2 style=\"color:#222173; font-style:bold;font-weight:700;\" class=\"h2-simulate-h1-size wp-block-post-title has-text-color has-medium-font-size\"><a href=\"https:\/\/www.lugarvazio.com.br\/blog\/governo\/como-conseguir-credito-para-negativado-veja-roteiro-e-locais\/\" target=\"_self\" >Como Conseguir Cr\u00e9dito para Negativado Veja Roteiro e Locais<\/a><\/h2>\n\n<figure style=\"width:75px;\" class=\"alignleft post-thumbnail-left wp-block-post-featured-image\"><a href=\"https:\/\/www.lugarvazio.com.br\/blog\/governo\/como-conseguir-credito-para-negativado-veja-roteiro-e-locais\/\" target=\"_self\"  ><img loading=\"lazy\" decoding=\"async\" width=\"75\" height=\"75\" src=\"https:\/\/www.lugarvazio.com.br\/img\/2023\/04\/emprestimo-consignado-75x75.jpeg\" class=\"attachment-post-thumbnail size-post-thumbnail wp-post-image\" alt=\"Como Conseguir Cr\u00e9dito para Negativado Veja Roteiro e Locais\" style=\"object-fit:cover;\" \/><\/a><\/figure>\n\n<div style=\"font-size:16px;\" class=\"featured-page-content wp-block-post-excerpt\"><p class=\"wp-block-post-excerpt__excerpt\">Saiba pedir empr\u00e9stimo consignado e cr\u00e9dito para negativado, quais bancos oferecem essa condi\u00e7\u00e3o e entenda quando essa op\u00e7\u00e3o vale a pena.<\/p><p class=\"wp-block-post-excerpt__more-text\"><a class=\"wp-block-post-excerpt__more-link\" href=\"https:\/\/www.lugarvazio.com.br\/blog\/governo\/como-conseguir-credito-para-negativado-veja-roteiro-e-locais\/\">Leia mais&#8230;<\/a><\/p><\/div>\n\n\n<hr class=\"wp-block-separator has-text-color has-alpha-channel-opacity has-background\" style=\"background-color:#e2eef9;color:#e2eef9\"\/>\n\n<\/li><\/ul><\/div>\n<\/div>\n<\/div>\n","protected":false},"excerpt":{"rendered":"<p>ARTIGOS CELULAR NOT\u00cdCIAS UTILIDADES FINAN\u00c7AS<\/p>\n","protected":false},"author":1,"featured_media":0,"parent":0,"menu_order":0,"comment_status":"closed","ping_status":"closed","template":"","meta":{"ngg_post_thumbnail":0,"footnotes":""},"class_list":["post-3294","page","type-page","status-publish","hentry"],"aioseo_notices":[],"_links":{"self":[{"href":"https:\/\/www.lugarvazio.com.br\/blog\/wp-json\/wp\/v2\/pages\/3294","targetHints":{"allow":["GET"]}}],"collection":[{"href":"https:\/\/www.lugarvazio.com.br\/blog\/wp-json\/wp\/v2\/pages"}],"about":[{"href":"https:\/\/www.lugarvazio.com.br\/blog\/wp-json\/wp\/v2\/types\/page"}],"author":[{"embeddable":true,"href":"https:\/\/www.lugarvazio.com.br\/blog\/wp-json\/wp\/v2\/users\/1"}],"replies":[{"embeddable":true,"href":"https:\/\/www.lugarvazio.com.br\/blog\/wp-json\/wp\/v2\/comments?post=3294"}],"version-history":[{"count":11,"href":"https:\/\/www.lugarvazio.com.br\/blog\/wp-json\/wp\/v2\/pages\/3294\/revisions"}],"predecessor-version":[{"id":3433,"href":"https:\/\/www.lugarvazio.com.br\/blog\/wp-json\/wp\/v2\/pages\/3294\/revisions\/3433"}],"wp:attachment":[{"href":"https:\/\/www.lugarvazio.com.br\/blog\/wp-json\/wp\/v2\/media?parent=3294"}],"curies":[{"name":"wp","href":"https:\/\/api.w.org\/{rel}","templated":true}]}}